{"id":4921,"date":"2021-02-23T16:16:07","date_gmt":"2021-02-23T15:16:07","guid":{"rendered":"https:\/\/www.provence-camping.com\/les-evenements-sportifs-et-culturels-autour-du-camping-2021\/"},"modified":"2026-03-17T10:09:15","modified_gmt":"2026-03-17T09:09:15","slug":"les-evenements-sportifs-et-culturels-autour-du-camping-2021","status":"publish","type":"page","link":"https:\/\/www.provence-camping.com\/de\/les-evenements-sportifs-et-culturels-autour-du-camping-2021\/","title":{"rendered":"Sportliche und kulturelle Veranstaltungen rund um den Campingplatz"},"content":{"rendered":"<p><div class=\"fusion-fullwidth fullwidth-box fusion-builder-row-1 nonhundred-percent-fullwidth non-hundred-percent-height-scrolling\"  style='background-color: rgba(255,255,255,0);background-position: center center;background-repeat: no-repeat;padding-top:0px;padding-right:0px;padding-bottom:0px;padding-left:0px;'><div class=\"fusion-builder-row fusion-row \"><div  class=\"fusion-layout-column fusion_builder_column fusion_builder_column_1_1 fusion-builder-column-0 fusion-one-full fusion-column-first fusion-column-last 1_1\"  style='margin-top:0px;margin-bottom:20px;'><div class=\"fusion-column-wrapper\" style=\"padding: 0px 0px 0px 0px;background-position:left top;background-repeat:no-repeat;-webkit-background-size:cover;-moz-background-size:cover;-o-background-size:cover;background-size:cover;\"   data-bg-url=\"\"><style type=\"text\/css\"><\/style><div class=\"fusion-title title fusion-title-1 fusion-sep-none fusion-title-text fusion-title-size-one\" style=\"margin-top:0px;margin-bottom:31px;\"><h1 class=\"title-heading-left\" style=\"margin:0;\">Sportliche und kulturelle Veranstaltungen rund um den Campingplatz<\/h1><\/div><div class=\"fusion-text\"><p>Wenn Sie kommen, k\u00f6nnen Sie die lokalen Feste entdecken, die rund um den Campingplatz organisiert werden. An der Rezeption stehen wir Ihnen jederzeit zur Verf\u00fcgung, um Ihnen die f\u00fcr Sie passenden Ereignisse des Augenblicks anzubieten.<\/p>\n<p>Auf dieser Seite finden Sie die wichtigsten Highlights, die Sie bei Ihrem Besuch nicht verpassen sollten! Ob sportlich, kulturell oder lecker, es ist f\u00fcr jeden Geschmack und Rhythmus etwas dabei. Viel Spa\u00df, viel Spa\u00df!<\/p>\n<p>F\u00fcr weitere Informationen sind die Tourismusb\u00fcros f\u00fcr Sie da und auch im Internet:\u00a0<a href=\"http:\/\/www.ventouxprovence.fr\/accueil.html\" target=\"_blank\" rel=\"noopener noreferrer\">VentouxProvence<\/a>.<\/p>\n<\/div><div class=\"fusion-clearfix\"><\/div><\/div><\/div><\/div><\/div><div class=\"fusion-fullwidth fullwidth-box fusion-builder-row-2 nonhundred-percent-fullwidth non-hundred-percent-height-scrolling\"  style='background-color: rgba(255,255,255,0);background-position: center center;background-repeat: no-repeat;padding-top:0px;padding-right:0px;padding-bottom:0px;padding-left:0px;'><div class=\"fusion-builder-row fusion-row \"><div  class=\"fusion-layout-column fusion_builder_column fusion_builder_column_1_1 fusion-builder-column-1 fusion-one-full fusion-column-first fusion-column-last 1_1\"  style='margin-top:0px;margin-bottom:20px;'><div class=\"fusion-column-wrapper\" style=\"padding: 0px 0px 0px 0px;background-position:left top;background-repeat:no-repeat;-webkit-background-size:cover;-moz-background-size:cover;-o-background-size:cover;background-size:cover;\"   data-bg-url=\"\"><style type=\"text\/css\"><\/style><div class=\"fusion-title title fusion-title-2 fusion-sep-none fusion-title-text fusion-title-size-two\" style=\"margin-top:0px;margin-bottom:31px;\"><h2 class=\"title-heading-left\" style=\"margin:0;\">Sportverantstaltungen<\/h2><\/div><div class=\"fusion-text\"><p>Die Wald- und voralpinen Landschaften rund um den Mont Ventoux und die Gorges de la Nesque bieten eine gro\u00dfartige Kulisse, um Sport zu treiben und abwechslungsreiche Landschaften zu entdecken.<\/p>\n<p><strong>Hier finden Sie ALLE Veranstaltungen rund um den Mont Ventoux und das Nesque-Tal sowie Informationen zu Stra\u00dfensperrungen: <a href=\"https:\/\/www.ventouxprovence.fr\/actualites\/courses-velo-evenements-fermetures-des-routes-et-travaux.html\" target=\"_blank\" rel=\"noopener\">https:\/\/www.ventouxprovence.fr\/actualites\/courses-velo-evenements-fermetures-des-routes-et-travaux.html<\/a><\/strong><\/p>\n<\/div><div class=\"fusion-clearfix\"><\/div><\/div><\/div><div  class=\"fusion-layout-column fusion_builder_column fusion_builder_column_1_4 fusion-builder-column-2 fusion-one-fourth fusion-column-first 1_4\"  style='margin-top:0px;margin-bottom:20px;width:25%;width:calc(25% - ( ( 4% ) * 0.25 ) );margin-right: 4%;'><div class=\"fusion-column-wrapper\" style=\"padding: 0px 0px 0px 0px;background-position:left top;background-repeat:no-repeat;-webkit-background-size:cover;-moz-background-size:cover;-o-background-size:cover;background-size:cover;\"   data-bg-url=\"\"><span class=\"fusion-imageframe imageframe-none imageframe-1 hover-type-none\"><img loading=\"lazy\" decoding=\"async\" src=\"https:\/\/www.provence-camping.com\/wp-content\/uploads\/cyclisme-tourisme.jpg\" data-orig-src=\"https:\/\/www.provence-camping.com\/wp-content\/uploads\/cyclisme-tourisme-300x200.jpg\" width=\"300\" height=\"200\" alt=\"v\u00e9lo\" title=\"cyclisme tourisme\" class=\"lazyload img-responsive wp-image-4868\" srcset=\"data:image\/svg+xml,%3Csvg%20xmlns%3D%27http%3A%2F%2Fwww.w3.org%2F2000%2Fsvg%27%20width%3D%271920%27%20height%3D%271280%27%20viewBox%3D%270%200%201920%201280%27%3E%3Crect%20width%3D%271920%27%20height%3D%2731280%27%20fill-opacity%3D%220%22%2F%3E%3C%2Fsvg%3E\" data-srcset=\"https:\/\/www.provence-camping.com\/wp-content\/uploads\/cyclisme-tourisme-200x133.jpg 200w, https:\/\/www.provence-camping.com\/wp-content\/uploads\/cyclisme-tourisme-400x267.jpg 400w, https:\/\/www.provence-camping.com\/wp-content\/uploads\/cyclisme-tourisme-600x400.jpg 600w, https:\/\/www.provence-camping.com\/wp-content\/uploads\/cyclisme-tourisme-800x533.jpg 800w, https:\/\/www.provence-camping.com\/wp-content\/uploads\/cyclisme-tourisme-1200x800.jpg 1200w, https:\/\/www.provence-camping.com\/wp-content\/uploads\/cyclisme-tourisme.jpg 1920w\" data-sizes=\"auto\" data-orig-sizes=\"auto, (max-width: 1000px) 100vw, 300px\" \/><\/span><span class=\"fusion-imageframe imageframe-none imageframe-2 hover-type-none\"><img loading=\"lazy\" decoding=\"async\" src=\"https:\/\/www.provence-camping.com\/wp-content\/uploads\/trail.jpg\" data-orig-src=\"https:\/\/www.provence-camping.com\/wp-content\/uploads\/trail-300x199.jpg\" width=\"300\" height=\"199\" alt=\"trail\" title=\"trail\" class=\"lazyload img-responsive wp-image-4872\" srcset=\"data:image\/svg+xml,%3Csvg%20xmlns%3D%27http%3A%2F%2Fwww.w3.org%2F2000%2Fsvg%27%20width%3D%271920%27%20height%3D%271275%27%20viewBox%3D%270%200%201920%201275%27%3E%3Crect%20width%3D%271920%27%20height%3D%2731275%27%20fill-opacity%3D%220%22%2F%3E%3C%2Fsvg%3E\" data-srcset=\"https:\/\/www.provence-camping.com\/wp-content\/uploads\/trail-200x133.jpg 200w, https:\/\/www.provence-camping.com\/wp-content\/uploads\/trail-400x266.jpg 400w, https:\/\/www.provence-camping.com\/wp-content\/uploads\/trail-600x398.jpg 600w, https:\/\/www.provence-camping.com\/wp-content\/uploads\/trail-800x531.jpg 800w, https:\/\/www.provence-camping.com\/wp-content\/uploads\/trail-1200x797.jpg 1200w, https:\/\/www.provence-camping.com\/wp-content\/uploads\/trail.jpg 1920w\" data-sizes=\"auto\" data-orig-sizes=\"auto, (max-width: 1000px) 100vw, 300px\" \/><\/span><div class=\"fusion-clearfix\"><\/div><\/div><\/div><div  class=\"fusion-layout-column fusion_builder_column fusion_builder_column_3_4 fusion-builder-column-3 fusion-three-fourth fusion-column-last 3_4\"  style='margin-top:0px;margin-bottom:20px;width:75%;width:calc(75% - ( ( 4% ) * 0.75 ) );'><div class=\"fusion-column-wrapper\" style=\"padding: 0px 0px 0px 0px;background-position:left top;background-repeat:no-repeat;-webkit-background-size:cover;-moz-background-size:cover;-o-background-size:cover;background-size:cover;\"   data-bg-url=\"\"><ul class=\"fusion-checklist fusion-checklist-1\" style=\"font-size:14px;line-height:23.8px;\"><li class=\"fusion-li-item\"><span style=\"background-color:#af429a;font-size:12.32px;height:23.8px;width:23.8px;margin-right:9.8px;\" class=\"icon-wrapper circle-yes\"><i class=\"fusion-li-icon fa-running fas\" style=\"color:#ffffff;\"><\/i><\/span><div class=\"fusion-li-item-content\" style=\"margin-left:33.6px;\">\n<p>27\/29 Mars 2026 &#8211; Mont Ventoux &#8211; <strong>Trail du Ventoux<\/strong> &#8211; <a href=\"https:\/\/www.trailduventoux.fr\/\" target=\"_blank\" rel=\"noopener noreferrer\">+ d&#8217;infos<\/a><\/p>\n<\/div><\/li><li class=\"fusion-li-item\"><span style=\"background-color:#af429a;font-size:12.32px;height:23.8px;width:23.8px;margin-right:9.8px;\" class=\"icon-wrapper circle-yes\"><i class=\"fusion-li-icon fa-biking fas\" style=\"color:#ffffff;\"><\/i><\/span><div class=\"fusion-li-item-content\" style=\"margin-left:33.6px;\">\n<p>4\/5\/6 Avril 2026 &#8211; Provence &#8211; <b>P\u00e2ques en Provence (Sault) <\/b>&#8211; <a href=\"https:\/\/ffvelo.fr\/evenements\/paques-en-provence-souvenir-velocio\/\" target=\"_blank\" rel=\"noopener noreferrer\">+ d&#8217;infos<\/a><\/p>\n<\/div><\/li><li class=\"fusion-li-item\"><span style=\"background-color:#af429a;font-size:12.32px;height:23.8px;width:23.8px;margin-right:9.8px;\" class=\"icon-wrapper circle-yes\"><i class=\"fusion-li-icon fa-car fas\" style=\"color:#ffffff;\"><\/i><\/span><div class=\"fusion-li-item-content\" style=\"margin-left:33.6px;\">\n<p>8\/9 Mai 2026 &#8211; Mormoiron &#8211; <strong>Rallye des Monts du Vaucluse <\/strong>&#8211; <a href=\"https:\/\/www.ffsa.org\/calendrier-et-classements\/resultats-des-epreuves\/rallye-des-monts-de-vaucluse-33019\" target=\"_blank\" rel=\"noopener\">+ d&#8217;infos<\/a><\/p>\n<\/div><\/li><li class=\"fusion-li-item\"><span style=\"background-color:#af429a;font-size:12.32px;height:23.8px;width:23.8px;margin-right:9.8px;\" class=\"icon-wrapper circle-yes\"><i class=\"fusion-li-icon fa-running fas\" style=\"color:#ffffff;\"><\/i><\/span><div class=\"fusion-li-item-content\" style=\"margin-left:33.6px;\">\n<p>10 Mai 2026 &#8211; Villes-sur-Auzon &#8211; <strong>Semi-Marathon des Gorges de la Nesque<\/strong> &#8211; <a href=\"https:\/\/ccventouxsud.wixsite.com\/semidelanesque\" target=\"_blank\" rel=\"noopener noreferrer\">+ d&#8217;infos<\/a><\/p>\n<\/div><\/li><li class=\"fusion-li-item\"><span style=\"background-color:#af429a;font-size:12.32px;height:23.8px;width:23.8px;margin-right:9.8px;\" class=\"icon-wrapper circle-yes\"><i class=\"fusion-li-icon fa-running fas\" style=\"color:#ffffff;\"><\/i><\/span><div class=\"fusion-li-item-content\" style=\"margin-left:33.6px;\">\n<p>24 Mai 2026 &#8211; B\u00e9doin &#8211; <strong>Mont\u00e9e du Ventoux<\/strong> &#8211; <a href=\"https:\/\/followmysport.com\/courses\/montee-du-ventoux\/\" target=\"_blank\" rel=\"noopener noreferrer\">+ d&#8217;infos<\/a><\/p>\n<\/div><\/li><li class=\"fusion-li-item\"><span style=\"background-color:#af429a;font-size:12.32px;height:23.8px;width:23.8px;margin-right:9.8px;\" class=\"icon-wrapper circle-yes\"><i class=\"fusion-li-icon fa-running fas\" style=\"color:#ffffff;\"><\/i><\/span><div class=\"fusion-li-item-content\" style=\"margin-left:33.6px;\">\n<p>30 Mai 2026 &#8211; B\u00e9doin &#8211; <strong>XRace Adventure : VTT, trail, v\u00e9lo.. courses et randos<\/strong> &#8211; <a href=\"http:\/\/www.xrace-adventure.com\" target=\"_blank\" rel=\"noopener noreferrer\">+ d&#8217;infos<\/a><\/p>\n<\/div><\/li><li class=\"fusion-li-item\"><span style=\"background-color:#af429a;font-size:12.32px;height:23.8px;width:23.8px;margin-right:9.8px;\" class=\"icon-wrapper circle-yes\"><i class=\"fusion-li-icon fa-biking fas\" style=\"color:#ffffff;\"><\/i><\/span><div class=\"fusion-li-item-content\" style=\"margin-left:33.6px;\">\n<p>31 Mai 2026 &#8211; Villes-sur-Auzon &#8211; <strong>Nesque Voie Verte : priorit\u00e9 aux \u00e9nergies vertes !<\/strong><\/p>\n<\/div><\/li><li class=\"fusion-li-item\"><span style=\"background-color:#af429a;font-size:12.32px;height:23.8px;width:23.8px;margin-right:9.8px;\" class=\"icon-wrapper circle-yes\"><i class=\"fusion-li-icon fa-biking fas\" style=\"color:#ffffff;\"><\/i><\/span><div class=\"fusion-li-item-content\" style=\"margin-left:33.6px;\">\n<p>6\/7 Juin 2026 &#8211; Mont Ventoux &#8211; <strong>Colnago GF Mont Ventoux<\/strong> &#8211; <a href=\"https:\/\/www.gfmontventoux.com\/\" target=\"_blank\" rel=\"noopener noreferrer\">+ d&#8217;infos<\/a><\/p>\n<\/div><\/li><li class=\"fusion-li-item\"><span style=\"background-color:#af429a;font-size:12.32px;height:23.8px;width:23.8px;margin-right:9.8px;\" class=\"icon-wrapper circle-yes\"><i class=\"fusion-li-icon fa-biking fas\" style=\"color:#ffffff;\"><\/i><\/span><div class=\"fusion-li-item-content\" style=\"margin-left:33.6px;\">\n<p>18 Juin 2026 &#8211; Mont Ventoux &#8211; <strong>Tour du ALS<\/strong> &#8211; <a href=\"https:\/\/www.tourduals.nl\/\" target=\"_blank\" rel=\"noopener noreferrer\">+ d&#8217;infos<\/a><\/p>\n<\/div><\/li><li class=\"fusion-li-item\"><span style=\"background-color:#af429a;font-size:12.32px;height:23.8px;width:23.8px;margin-right:9.8px;\" class=\"icon-wrapper circle-yes\"><i class=\"fusion-li-icon fa-biking fas\" style=\"color:#ffffff;\"><\/i><\/span><div class=\"fusion-li-item-content\" style=\"margin-left:33.6px;\">\n<p>26\/27 Juin 2026 &#8211; Mont Ventoux\u00a0 &#8211; <strong>La Cannibale Mont Ventoux<\/strong> &#8211; <a href=\"https:\/\/lacannibale.com\/fr\/\" target=\"_blank\" rel=\"noopener noreferrer\">+ d&#8217;infos<\/a><\/p>\n<\/div><\/li><li class=\"fusion-li-item\"><span style=\"background-color:#af429a;font-size:12.32px;height:23.8px;width:23.8px;margin-right:9.8px;\" class=\"icon-wrapper circle-yes\"><i class=\"fusion-li-icon fa-biking fas\" style=\"color:#ffffff;\"><\/i><\/span><div class=\"fusion-li-item-content\" style=\"margin-left:33.6px;\">\n<p>4\/5 Juillet 2026 &#8211; Mont Ventoux\u00a0 &#8211; <strong>Semi-Marathon Mont Ventoux<\/strong>\u00a0&#8211; <a href=\"https:\/\/www.semi-montventoux.com\/\" target=\"_blank\" rel=\"noopener noreferrer\">+ d&#8217;infos<\/a><\/p>\n<\/div><\/li><li class=\"fusion-li-item\"><span style=\"background-color:#af429a;font-size:12.32px;height:23.8px;width:23.8px;margin-right:9.8px;\" class=\"icon-wrapper circle-yes\"><i class=\"fusion-li-icon fa-fire-alt fas\" style=\"color:#ffffff;\"><\/i><\/span><div class=\"fusion-li-item-content\" style=\"margin-left:33.6px;\">\n<p>7 Ao\u00fbt 2026 &#8211; Mont Ventoux &#8211; <b>Tour de France F\u00e9minin<\/b>\u00a0&#8211; <a href=\"https:\/\/www.letourfemmes.fr\/fr\/parcours-general\" target=\"_blank\" rel=\"noopener noreferrer\">+ d&#8217;infos<\/a><\/p>\n<\/div><\/li><li class=\"fusion-li-item\"><span style=\"background-color:#af429a;font-size:12.32px;height:23.8px;width:23.8px;margin-right:9.8px;\" class=\"icon-wrapper circle-yes\"><i class=\"fusion-li-icon fa-running fas\" style=\"color:#ffffff;\"><\/i><\/span><div class=\"fusion-li-item-content\" style=\"margin-left:33.6px;\">\n<p>19\/20 Septembre 2026 &#8211; Mont Ventoux &#8211; <strong>Triathlon VentouxMan<\/strong> &#8211; <a href=\"http:\/\/www.ventouxman.com\/\" target=\"_blank\" rel=\"noopener noreferrer\">+ d&#8217;infos<\/a><\/p>\n<\/div><\/li><\/ul><div class=\"fusion-text\"><p>Wenn sie ausgestrahlt werden, sind diese Ereignisse im Fernsehen in der Bar des Campingplatzes sichtbar. Gute Atmosph\u00e4re garantiert!<\/p>\n<p>Bitte beachten Sie: Diese Veranstaltungen finden zu den angegebenen Terminen unter hygienischen Bedingungen statt. Weitere Informationen finden Sie auf den offiziellen Websites.<\/p>\n<\/div><div class=\"fusion-clearfix\"><\/div><\/div><\/div><\/div><\/div><div class=\"fusion-fullwidth fullwidth-box fusion-builder-row-3 nonhundred-percent-fullwidth non-hundred-percent-height-scrolling\"  style='background-color: rgba(255,255,255,0);background-position: center center;background-repeat: no-repeat;padding-top:0px;padding-right:0px;padding-bottom:0px;padding-left:0px;'><div class=\"fusion-builder-row fusion-row \"><div  class=\"fusion-layout-column fusion_builder_column fusion_builder_column_1_1 fusion-builder-column-4 fusion-one-full fusion-column-first fusion-column-last 1_1\"  style='margin-top:0px;margin-bottom:20px;'><div class=\"fusion-column-wrapper\" style=\"padding: 0px 0px 0px 0px;background-position:left top;background-repeat:no-repeat;-webkit-background-size:cover;-moz-background-size:cover;-o-background-size:cover;background-size:cover;\"   data-bg-url=\"\"><style type=\"text\/css\"><\/style><div class=\"fusion-title title fusion-title-3 fusion-sep-none fusion-title-text fusion-title-size-two\" style=\"margin-top:0px;margin-bottom:31px;\"><h2 class=\"title-heading-left\" style=\"margin:0;\">Kulturelle Feste<\/h2><\/div><div class=\"fusion-text\"><p>Neben den Museen und allen bekannten oder zu entdeckenden historischen St\u00e4tten in unserer wundersch\u00f6nen Provence beleben regelm\u00e4\u00dfig kulturelle Veranstaltungen die Region.<\/p>\n<\/div><div class=\"fusion-clearfix\"><\/div><\/div><\/div><\/div><\/div><div class=\"fusion-fullwidth fullwidth-box fusion-builder-row-4 nonhundred-percent-fullwidth non-hundred-percent-height-scrolling\"  style='background-color: rgba(255,255,255,0);background-position: center center;background-repeat: no-repeat;padding-top:0px;padding-right:0px;padding-bottom:0px;padding-left:0px;'><div class=\"fusion-builder-row fusion-row \"><div  class=\"fusion-layout-column fusion_builder_column fusion_builder_column_1_4 fusion-builder-column-5 fusion-one-fourth fusion-column-first 1_4\"  style='margin-top:0px;margin-bottom:20px;width:25%;width:calc(25% - ( ( 4% ) * 0.25 ) );margin-right: 4%;'><div class=\"fusion-column-wrapper\" style=\"padding: 0px 0px 0px 0px;background-position:left top;background-repeat:no-repeat;-webkit-background-size:cover;-moz-background-size:cover;-o-background-size:cover;background-size:cover;\"   data-bg-url=\"\"><span class=\"fusion-imageframe imageframe-none imageframe-3 hover-type-none\"><img loading=\"lazy\" decoding=\"async\" src=\"https:\/\/www.provence-camping.com\/wp-content\/uploads\/feu-artifice.jpg\" data-orig-src=\"https:\/\/www.provence-camping.com\/wp-content\/uploads\/feu-artifice-300x217.jpg\" width=\"300\" height=\"217\" alt=\"feu artifice\" title=\"feu artifice\" class=\"lazyload img-responsive wp-image-4889\" srcset=\"data:image\/svg+xml,%3Csvg%20xmlns%3D%27http%3A%2F%2Fwww.w3.org%2F2000%2Fsvg%27%20width%3D%271920%27%20height%3D%271389%27%20viewBox%3D%270%200%201920%201389%27%3E%3Crect%20width%3D%271920%27%20height%3D%2731389%27%20fill-opacity%3D%220%22%2F%3E%3C%2Fsvg%3E\" data-srcset=\"https:\/\/www.provence-camping.com\/wp-content\/uploads\/feu-artifice-200x145.jpg 200w, https:\/\/www.provence-camping.com\/wp-content\/uploads\/feu-artifice-400x289.jpg 400w, https:\/\/www.provence-camping.com\/wp-content\/uploads\/feu-artifice-600x434.jpg 600w, https:\/\/www.provence-camping.com\/wp-content\/uploads\/feu-artifice-800x579.jpg 800w, https:\/\/www.provence-camping.com\/wp-content\/uploads\/feu-artifice-1200x868.jpg 1200w, https:\/\/www.provence-camping.com\/wp-content\/uploads\/feu-artifice.jpg 1920w\" data-sizes=\"auto\" data-orig-sizes=\"auto, (max-width: 1000px) 100vw, 300px\" \/><\/span><div class=\"fusion-clearfix\"><\/div><\/div><\/div><div  class=\"fusion-layout-column fusion_builder_column fusion_builder_column_3_4 fusion-builder-column-6 fusion-three-fourth fusion-column-last 3_4\"  style='margin-top:0px;margin-bottom:20px;width:75%;width:calc(75% - ( ( 4% ) * 0.75 ) );'><div class=\"fusion-column-wrapper\" style=\"padding: 0px 0px 0px 0px;background-position:left top;background-repeat:no-repeat;-webkit-background-size:cover;-moz-background-size:cover;-o-background-size:cover;background-size:cover;\"   data-bg-url=\"\"><ul class=\"fusion-checklist fusion-checklist-2\" style=\"font-size:14px;line-height:23.8px;\"><li class=\"fusion-li-item\"><span style=\"background-color:#af429a;font-size:12.32px;height:23.8px;width:23.8px;margin-right:9.8px;\" class=\"icon-wrapper circle-yes\"><i class=\"fusion-li-icon fa-theater-masks fas\" style=\"color:#ffffff;\"><\/i><\/span><div class=\"fusion-li-item-content\" style=\"margin-left:33.6px;\">\n<p>Juli &#8211; Avignon &#8211; <strong>Le Festival d&#8217;Avignon<\/strong> &#8211; <a href=\"https:\/\/festival-avignon.com\/\" target=\"_blank\" rel=\"noopener noreferrer\">+ d&#8217;infos<\/a><\/p>\n<\/div><\/li><li class=\"fusion-li-item\"><span style=\"background-color:#af429a;font-size:12.32px;height:23.8px;width:23.8px;margin-right:9.8px;\" class=\"icon-wrapper circle-yes\"><i class=\"fusion-li-icon fa-drum fas\" style=\"color:#ffffff;\"><\/i><\/span><div class=\"fusion-li-item-content\" style=\"margin-left:33.6px;\">\n<p>Juli &#8211; Orange &#8211; <strong>Les Chor\u00e9gies d&#8217;Orange<\/strong> &#8211; <a href=\"https:\/\/www.choregies.fr\/\" target=\"_blank\" rel=\"noopener noreferrer\">+ d&#8217;infos<\/a><\/p>\n<\/div><\/li><li class=\"fusion-li-item\"><span style=\"background-color:#af429a;font-size:12.32px;height:23.8px;width:23.8px;margin-right:9.8px;\" class=\"icon-wrapper circle-yes\"><i class=\"fusion-li-icon fa-gripfire fab\" style=\"color:#ffffff;\"><\/i><\/span><div class=\"fusion-li-item-content\" style=\"margin-left:33.6px;\">\n<p>13 oder 14 Juli &#8211; Alle D\u00f6rfer &#8211; <strong>Le feu d&#8217;artifice de la f\u00eate nationale (Feuerwerk)<\/strong><\/p>\n<\/div><\/li><li class=\"fusion-li-item\"><span style=\"background-color:#af429a;font-size:12.32px;height:23.8px;width:23.8px;margin-right:9.8px;\" class=\"icon-wrapper circle-yes\"><i class=\"fusion-li-icon fa-guitar fas\" style=\"color:#ffffff;\"><\/i><\/span><div class=\"fusion-li-item-content\" style=\"margin-left:33.6px;\">\n<p>Ende Juli \/ Anfang August &#8211; Villes-sur-Auzon &#8211; <strong>Festival de Jazz<\/strong> &#8211; <a href=\"https:\/\/www.jazzavillessurauzon.fr\/\" target=\"_blank\" rel=\"noopener noreferrer\">+ d&#8217;infos<\/a><\/p>\n<\/div><\/li><li class=\"fusion-li-item\"><span style=\"background-color:#af429a;font-size:12.32px;height:23.8px;width:23.8px;margin-right:9.8px;\" class=\"icon-wrapper circle-yes\"><i class=\"fusion-li-icon fa-gripfire fab\" style=\"color:#ffffff;\"><\/i><\/span><div class=\"fusion-li-item-content\" style=\"margin-left:33.6px;\">\n<p>14 oder 15 August &#8211; Alle D\u00f6rfer &#8211; <strong>Le feu d&#8217;artifice du 15 ao\u00fbt (Feuerwerk)<\/strong><\/p>\n<\/div><\/li><\/ul><div class=\"fusion-clearfix\"><\/div><\/div><\/div><\/div><\/div><div class=\"fusion-fullwidth fullwidth-box fusion-builder-row-5 nonhundred-percent-fullwidth non-hundred-percent-height-scrolling\"  style='background-color: rgba(255,255,255,0);background-position: center center;background-repeat: no-repeat;padding-top:0px;padding-right:0px;padding-bottom:0px;padding-left:0px;'><div class=\"fusion-builder-row fusion-row \"><div  class=\"fusion-layout-column fusion_builder_column fusion_builder_column_1_1 fusion-builder-column-7 fusion-one-full fusion-column-first fusion-column-last 1_1\"  style='margin-top:0px;margin-bottom:20px;'><div class=\"fusion-column-wrapper\" style=\"padding: 0px 0px 0px 0px;background-position:left top;background-repeat:no-repeat;-webkit-background-size:cover;-moz-background-size:cover;-o-background-size:cover;background-size:cover;\"   data-bg-url=\"\"><style type=\"text\/css\"><\/style><div class=\"fusion-title title fusion-title-4 fusion-sep-none fusion-title-text fusion-title-size-two\" style=\"margin-top:0px;margin-bottom:31px;\"><h2 class=\"title-heading-left\" style=\"margin:0;\">Lokale Feste<\/h2><\/div><div class=\"fusion-text\"><p>Unsere Region ist auch reich an Geschmacksfreuden. Im Laufe der Jahreszeiten laden kleine lokale Produzenten Sie ein, ihre Sch\u00e4tze zu probieren!<br \/>\nAll diese Produkte finden Sie auch auf den provenzalischen M\u00e4rkten rund um den Campingplatz: Alle Informationen erhalten Sie an der Rezeption.<\/p>\n<\/div><div class=\"fusion-clearfix\"><\/div><\/div><\/div><\/div><\/div><div class=\"fusion-fullwidth fullwidth-box fusion-builder-row-6 nonhundred-percent-fullwidth non-hundred-percent-height-scrolling\"  style='background-color: rgba(255,255,255,0);background-position: center center;background-repeat: no-repeat;padding-top:0px;padding-right:0px;padding-bottom:0px;padding-left:0px;'><div class=\"fusion-builder-row fusion-row \"><div  class=\"fusion-layout-column fusion_builder_column fusion_builder_column_1_4 fusion-builder-column-8 fusion-one-fourth fusion-column-first 1_4\"  style='margin-top:0px;margin-bottom:20px;width:25%;width:calc(25% - ( ( 4% + 4% ) * 0.25 ) );margin-right: 4%;'><div class=\"fusion-column-wrapper\" style=\"padding: 0px 0px 0px 0px;background-position:left top;background-repeat:no-repeat;-webkit-background-size:cover;-moz-background-size:cover;-o-background-size:cover;background-size:cover;\"   data-bg-url=\"\"><span class=\"fusion-imageframe imageframe-none imageframe-4 hover-type-none\"><img loading=\"lazy\" decoding=\"async\" src=\"data:image\/svg+xml,%3Csvg%20xmlns%3D%27http%3A%2F%2Fwww.w3.org%2F2000%2Fsvg%27%20width%3D%271920%27%20height%3D%271280%27%20viewBox%3D%270%200%201920%201280%27%3E%3Crect%20width%3D%271920%27%20height%3D%2731280%27%20fill-opacity%3D%220%22%2F%3E%3C%2Fsvg%3E\" data-orig-src=\"https:\/\/www.provence-camping.com\/wp-content\/uploads\/cerises-150x150.jpg\" width=\"150\" height=\"150\" alt=\"cerises\" title=\"cerises\" class=\"lazyload img-responsive wp-image-4900\"\/><\/span><span class=\"fusion-imageframe imageframe-none imageframe-5 hover-type-none\"><img loading=\"lazy\" decoding=\"async\" src=\"data:image\/svg+xml,%3Csvg%20xmlns%3D%27http%3A%2F%2Fwww.w3.org%2F2000%2Fsvg%27%20width%3D%271920%27%20height%3D%271280%27%20viewBox%3D%270%200%201920%201280%27%3E%3Crect%20width%3D%271920%27%20height%3D%2731280%27%20fill-opacity%3D%220%22%2F%3E%3C%2Fsvg%3E\" data-orig-src=\"https:\/\/www.provence-camping.com\/wp-content\/uploads\/olives-150x150.jpg\" width=\"150\" height=\"150\" alt=\"olives\" title=\"olives\" class=\"lazyload img-responsive wp-image-4912\"\/><\/span><div class=\"fusion-clearfix\"><\/div><\/div><\/div><div  class=\"fusion-layout-column fusion_builder_column fusion_builder_column_1_2 fusion-builder-column-9 fusion-one-half 1_2\"  style='margin-top:0px;margin-bottom:20px;width:50%;width:calc(50% - ( ( 4% + 4% ) * 0.5 ) );margin-right: 4%;'><div class=\"fusion-column-wrapper\" style=\"padding: 0px 0px 0px 0px;background-position:left top;background-repeat:no-repeat;-webkit-background-size:cover;-moz-background-size:cover;-o-background-size:cover;background-size:cover;\"   data-bg-url=\"\"><ul class=\"fusion-checklist fusion-checklist-3\" style=\"font-size:14px;line-height:23.8px;\"><li class=\"fusion-li-item\"><span style=\"background-color:#af429a;font-size:12.32px;height:23.8px;width:23.8px;margin-right:9.8px;\" class=\"icon-wrapper circle-yes\"><i class=\"fusion-li-icon fa-seedling fas\" style=\"color:#ffffff;\"><\/i><\/span><div class=\"fusion-li-item-content\" style=\"margin-left:33.6px;\">\n<p>Januar &#8211; Pernes les Fontaines &#8211;<strong> La Truffe<\/strong><\/p>\n<\/div><\/li><li class=\"fusion-li-item\"><span style=\"background-color:#af429a;font-size:12.32px;height:23.8px;width:23.8px;margin-right:9.8px;\" class=\"icon-wrapper circle-yes\"><i class=\"fusion-li-icon fa-seedling fas\" style=\"color:#ffffff;\"><\/i><\/span><div class=\"fusion-li-item-content\" style=\"margin-left:33.6px;\">\n<p>April &#8211; Carpentras &#8211;<strong> La Fraise<\/strong><\/p>\n<\/div><\/li><li class=\"fusion-li-item\"><span style=\"background-color:#af429a;font-size:12.32px;height:23.8px;width:23.8px;margin-right:9.8px;\" class=\"icon-wrapper circle-yes\"><i class=\"fusion-li-icon fa-seedling fas\" style=\"color:#ffffff;\"><\/i><\/span><div class=\"fusion-li-item-content\" style=\"margin-left:33.6px;\">\n<p>April &#8211; Mormoiron &#8211;<strong> L&#8217;Asperge<\/strong><\/p>\n<\/div><\/li><li class=\"fusion-li-item\"><span style=\"background-color:#af429a;font-size:12.32px;height:23.8px;width:23.8px;margin-right:9.8px;\" class=\"icon-wrapper circle-yes\"><i class=\"fusion-li-icon fa-seedling fas\" style=\"color:#ffffff;\"><\/i><\/span><div class=\"fusion-li-item-content\" style=\"margin-left:33.6px;\">\n<p>Juni &#8211; Venasque &#8211;<strong> La Cerise<\/strong><\/p>\n<\/div><\/li><li class=\"fusion-li-item\"><span style=\"background-color:#af429a;font-size:12.32px;height:23.8px;width:23.8px;margin-right:9.8px;\" class=\"icon-wrapper circle-yes\"><i class=\"fusion-li-icon fa-seedling fas\" style=\"color:#ffffff;\"><\/i><\/span><div class=\"fusion-li-item-content\" style=\"margin-left:33.6px;\">\n<p>Juli &#8211; Ferrasi\u00e8res &#8211;<strong> La Lavande<\/strong><\/p>\n<\/div><\/li><li class=\"fusion-li-item\"><span style=\"background-color:#af429a;font-size:12.32px;height:23.8px;width:23.8px;margin-right:9.8px;\" class=\"icon-wrapper circle-yes\"><i class=\"fusion-li-icon fa-seedling fas\" style=\"color:#ffffff;\"><\/i><\/span><div class=\"fusion-li-item-content\" style=\"margin-left:33.6px;\">\n<p>Juli &#8211; Caromb &#8211;<strong> La Figue<\/strong><\/p>\n<\/div><\/li><li class=\"fusion-li-item\"><span style=\"background-color:#af429a;font-size:12.32px;height:23.8px;width:23.8px;margin-right:9.8px;\" class=\"icon-wrapper circle-yes\"><i class=\"fusion-li-icon fa-seedling fas\" style=\"color:#ffffff;\"><\/i><\/span><div class=\"fusion-li-item-content\" style=\"margin-left:33.6px;\">\n<p>Juli &#8211; Cavaillon &#8211;<strong> Le Melon<\/strong><\/p>\n<\/div><\/li><li class=\"fusion-li-item\"><span style=\"background-color:#af429a;font-size:12.32px;height:23.8px;width:23.8px;margin-right:9.8px;\" class=\"icon-wrapper circle-yes\"><i class=\"fusion-li-icon fa-seedling fas\" style=\"color:#ffffff;\"><\/i><\/span><div class=\"fusion-li-item-content\" style=\"margin-left:33.6px;\">\n<p>Juli &#8211; Le Barroux &#8211;<strong> L&#8217;Abricot<\/strong><\/p>\n<\/div><\/li><li class=\"fusion-li-item\"><span style=\"background-color:#af429a;font-size:12.32px;height:23.8px;width:23.8px;margin-right:9.8px;\" class=\"icon-wrapper circle-yes\"><i class=\"fusion-li-icon fa-seedling fas\" style=\"color:#ffffff;\"><\/i><\/span><div class=\"fusion-li-item-content\" style=\"margin-left:33.6px;\">\n<p>August &#8211; Sault &#8211;<strong> La Lavande<\/strong><\/p>\n<\/div><\/li><li class=\"fusion-li-item\"><span style=\"background-color:#af429a;font-size:12.32px;height:23.8px;width:23.8px;margin-right:9.8px;\" class=\"icon-wrapper circle-yes\"><i class=\"fusion-li-icon fa-seedling fas\" style=\"color:#ffffff;\"><\/i><\/span><div class=\"fusion-li-item-content\" style=\"margin-left:33.6px;\">\n<p>August &#8211; Les caves du Vaucluse &#8211;<strong> Le Vin<\/strong><\/p>\n<\/div><\/li><li class=\"fusion-li-item\"><span style=\"background-color:#af429a;font-size:12.32px;height:23.8px;width:23.8px;margin-right:9.8px;\" class=\"icon-wrapper circle-yes\"><i class=\"fusion-li-icon fa-seedling fas\" style=\"color:#ffffff;\"><\/i><\/span><div class=\"fusion-li-item-content\" style=\"margin-left:33.6px;\">\n<p>September &#8211; Villes-sur-Auzon &#8211;<strong> Le Raisin Muscat<\/strong><\/p>\n<\/div><\/li><\/ul><div class=\"fusion-clearfix\"><\/div><\/div><\/div><div  class=\"fusion-layout-column fusion_builder_column fusion_builder_column_1_4 fusion-builder-column-10 fusion-one-fourth fusion-column-last 1_4\"  style='margin-top:0px;margin-bottom:20px;width:25%;width:calc(25% - ( ( 4% + 4% ) * 0.25 ) );'><div class=\"fusion-column-wrapper\" style=\"padding: 0px 0px 0px 0px;background-position:left top;background-repeat:no-repeat;-webkit-background-size:cover;-moz-background-size:cover;-o-background-size:cover;background-size:cover;\"   data-bg-url=\"\"><span class=\"fusion-imageframe imageframe-none imageframe-6 hover-type-none\"><img loading=\"lazy\" decoding=\"async\" src=\"data:image\/svg+xml,%3Csvg%20xmlns%3D%27http%3A%2F%2Fwww.w3.org%2F2000%2Fsvg%27%20width%3D%271920%27%20height%3D%271280%27%20viewBox%3D%270%200%201920%201280%27%3E%3Crect%20width%3D%271920%27%20height%3D%2731280%27%20fill-opacity%3D%220%22%2F%3E%3C%2Fsvg%3E\" data-orig-src=\"https:\/\/www.provence-camping.com\/wp-content\/uploads\/melons-150x150.jpg\" width=\"150\" height=\"150\" alt=\"melons\" title=\"melons\" class=\"lazyload img-responsive wp-image-4908\"\/><\/span><span class=\"fusion-imageframe imageframe-none imageframe-7 hover-type-none\"><img loading=\"lazy\" decoding=\"async\" src=\"data:image\/svg+xml,%3Csvg%20xmlns%3D%27http%3A%2F%2Fwww.w3.org%2F2000%2Fsvg%27%20width%3D%271920%27%20height%3D%271280%27%20viewBox%3D%270%200%201920%201280%27%3E%3Crect%20width%3D%271920%27%20height%3D%2731280%27%20fill-opacity%3D%220%22%2F%3E%3C%2Fsvg%3E\" data-orig-src=\"https:\/\/www.provence-camping.com\/wp-content\/uploads\/fraises-150x150.jpg\" width=\"150\" height=\"150\" alt=\"fraises\" title=\"fraises\" class=\"lazyload img-responsive wp-image-4904\"\/><\/span><div class=\"fusion-clearfix\"><\/div><\/div><\/div><\/div><\/div><\/p>\n","protected":false},"excerpt":{"rendered":"","protected":false},"author":2,"featured_media":0,"parent":0,"menu_order":0,"comment_status":"closed","ping_status":"closed","template":"","meta":{"_acf_changed":false,"footnotes":""},"class_list":["post-4921","page","type-page","status-publish","hentry"],"acf":[],"_links":{"self":[{"href":"https:\/\/www.provence-camping.com\/de\/wp-json\/wp\/v2\/pages\/4921","targetHints":{"allow":["GET"]}}],"collection":[{"href":"https:\/\/www.provence-camping.com\/de\/wp-json\/wp\/v2\/pages"}],"about":[{"href":"https:\/\/www.provence-camping.com\/de\/wp-json\/wp\/v2\/types\/page"}],"author":[{"embeddable":true,"href":"https:\/\/www.provence-camping.com\/de\/wp-json\/wp\/v2\/users\/2"}],"replies":[{"embeddable":true,"href":"https:\/\/www.provence-camping.com\/de\/wp-json\/wp\/v2\/comments?post=4921"}],"version-history":[{"count":17,"href":"https:\/\/www.provence-camping.com\/de\/wp-json\/wp\/v2\/pages\/4921\/revisions"}],"predecessor-version":[{"id":116551,"href":"https:\/\/www.provence-camping.com\/de\/wp-json\/wp\/v2\/pages\/4921\/revisions\/116551"}],"wp:attachment":[{"href":"https:\/\/www.provence-camping.com\/de\/wp-json\/wp\/v2\/media?parent=4921"}],"curies":[{"name":"wp","href":"https:\/\/api.w.org\/{rel}","templated":true}]}}